{"id":17968,"date":"2025-10-31T10:01:00","date_gmt":"2025-10-31T09:01:00","guid":{"rendered":"https:\/\/iicbratislava.esteri.it\/?page_id=17968"},"modified":"2025-11-19T14:38:39","modified_gmt":"2025-11-19T13:38:39","slug":"mittelcinemafest-2025","status":"publish","type":"page","link":"https:\/\/iicbratislava.esteri.it\/sk\/gli_eventi\/archivio-eventi\/mittelcinemafest-2025\/","title":{"rendered":"MittelCinemaFest 2025"},"content":{"rendered":"<p><img loading=\"lazy\" decoding=\"async\" class=\"alignnone wp-image-17971 img-fluid\" src=\"https:\/\/iicbratislava.esteri.it\/wp-content\/uploads\/2025\/10\/IIC-MCF-2025_FBeventbanner.jpg\" alt=\"\" width=\"787\" height=\"412\" srcset=\"https:\/\/iicbratislava.esteri.it\/wp-content\/uploads\/2025\/10\/IIC-MCF-2025_FBeventbanner.jpg 1920w, https:\/\/iicbratislava.esteri.it\/wp-content\/uploads\/2025\/10\/IIC-MCF-2025_FBeventbanner-300x157.jpg 300w, https:\/\/iicbratislava.esteri.it\/wp-content\/uploads\/2025\/10\/IIC-MCF-2025_FBeventbanner-1024x536.jpg 1024w, https:\/\/iicbratislava.esteri.it\/wp-content\/uploads\/2025\/10\/IIC-MCF-2025_FBeventbanner-768x402.jpg 768w\" sizes=\"auto, (max-width: 787px) 100vw, 787px\" \/><\/p>\n<p>&nbsp;<\/p>\n<h3><strong>23. Stredoeur\u00f3psky festival talianskeho filmu<\/strong><br \/>\n<strong>Kino Lumi\u00e8re, \u0160pit\u00e1lska 4, Bratislava<\/strong><\/h3>\n<p>23. ro\u010dn\u00edk Stredoeur\u00f3pskeho festivalu talianskeho filmu MittelCinemaFest predstav\u00ed aktu\u00e1lne filmov\u00e9 novinky, nov\u00e9 trendy v talianskej kinematografii, \u017e\u00e1nrovo pestr\u00fa ponuku filmov z dielne renomovan\u00fdch tvorcov i n\u00e1dejn\u00fdch debutantov, ktor\u00e9 zaujali porotcov na prest\u00ed\u017enych filmov\u00fdch festivaloch a z\u00edskali si priaze\u0148 talianskeho publika. Div\u00e1ci sa m\u00f4\u017eu te\u0161i\u0165 na najnov\u0161ie sn\u00edmky re\u017eis\u00e9rov Maria Martoneho (Fuori), Gianfranca Rosiho (Sotto le nuvole) a Paola Sorrentina, ktor\u00e9ho najnov\u0161\u00ed film (La Grazia) uvedieme v exkluz\u00edvnej predpremi\u00e9re. Mlad\u00e9 talentovan\u00e9 re\u017eis\u00e9rky Laura Samani a Margherita Spampinato prich\u00e1dzaj\u00fa s ponukou filmov \u201eo mlad\u00fdch pre mlad\u00fdch\u201c (Gioia mia, Un anno di scuola),\u00a0 spaghetti western (Testa o Croce) re\u017eis\u00e9rskeho tandemu Alessio Rigo de Righi a Matteo Zoppis je klasikou v novom \u0161ate a nebud\u00fa ch\u00fdba\u0165 ani fascinuj\u00face pr\u00edbehy zo \u017eivota dvoch zn\u00e1mych \u017eien talianskej hist\u00f3rie \u2013 here\u010dky Eleonory Duse (Duse) a spisovate\u013eky a here\u010dky Goliardy Sapienzy (Fuori). Prehliadku uzavrie o\u010dak\u00e1van\u00fd film roka &#8211; adapt\u00e1cia posledn\u00e9ho rom\u00e1nu spisovate\u013eky Michely Murgie (Tre ciotole).<\/p>\n<p><a href=\"https:\/\/iicbratislava.esteri.it\/wp-content\/uploads\/2025\/11\/IIC_MCF2025_Bratislava_catalogo_WEB-NEW.pdf\"><strong>katal\u00f3g<\/strong><\/a><\/p>\n<p><strong>27. 11.<br \/>\n<span style=\"text-decoration: underline;\">18:00<\/span> <a href=\"https:\/\/iicbratislava.esteri.it\/sk\/gli_eventi\/calendario\/mittelcinemafest-2025-milost-r-p-sorrentino\/\">La Grazia<\/a><\/strong><strong>|<\/strong> r. P. Sorrentino | 2025 | IT | 131&#8242; | *it\/cz<br \/>\n<strong><span style=\"text-decoration: underline;\">20:30<\/span> <a href=\"https:\/\/iicbratislava.esteri.it\/sk\/gli_eventi\/calendario\/mittelcinemafest-2025-skolsky-rok-r-l-samani\/\">\u0160kolsk\u00fd rok <\/a><\/strong>| <a href=\"https:\/\/iicbratislava.esteri.it\/it\/gli_eventi\/calendario\/mittelcinemafest-2025-un-anno-di-scuola-r-l-samani\/\">Un anno di scuola<\/a> | r. L. Samani | 2025 | IT, F | 90&#8242; | *it\/eng\/sk<\/p>\n<p><strong>28. 11.<br \/>\n<span style=\"text-decoration: underline;\">18:10<\/span> <a href=\"https:\/\/iicbratislava.esteri.it\/sk\/gli_eventi\/calendario\/mittelcinemafest-2025-srdiecko-moje-r-m-spampinato\/\">Srdie\u010dko moje<\/a><\/strong> | <a href=\"https:\/\/iicbratislava.esteri.it\/it\/gli_eventi\/calendario\/mittelcinemafest-2025-gioia-mia-r-m-spampinato\/\">Gioia mia<\/a> | r. M. Spampinato | 2025 | IT | 90&#8242; | *it\/eng\/sk<br \/>\n<strong><span style=\"text-decoration: underline;\">20:00<\/span>\u00a0<a href=\"https:\/\/iicbratislava.esteri.it\/sk\/gli_eventi\/calendario\/mittelcinemafest-2025-eleonora-duse-r-p-marcello\/\">Eleonora Duse<\/a><\/strong> | <a href=\"https:\/\/iicbratislava.esteri.it\/it\/gli_eventi\/calendario\/mittelcinemafest-2025-duse-r-p-marcello\/\">Duse<\/a> | r. P. Marcello | 2025 | IT, F | 122&#8242; | *it\/eng\/sk<\/p>\n<p><strong>29. 11.<br \/>\n<span style=\"text-decoration: underline;\">17:30<\/span>\u00a0<a href=\"https:\/\/iicbratislava.esteri.it\/sk\/gli_eventi\/calendario\/mittelcinemafest-2025-tri-misky-r-i-coixet\/\">Tri misky<\/a><\/strong> | <a href=\"https:\/\/iicbratislava.esteri.it\/it\/gli_eventi\/calendario\/mittelcinemafest-2025-tre-ciotole-r-i-coixet\/\">Tre ciotole<\/a> | r. I. Coixet | 2025 | IT, E | 120&#8242; | *it\/eng\/sk<br \/>\n<strong><span style=\"text-decoration: underline;\">20:00<\/span> <a href=\"https:\/\/iicbratislava.esteri.it\/sk\/gli_eventi\/calendario\/mittelcinemafest-2025-pod-oblakmi-r-g-rosi\/\">Pod oblakmi<\/a><\/strong> | <a href=\"https:\/\/iicbratislava.esteri.it\/it\/gli_eventi\/calendario\/mittelcinemafest-2025-sotto-le-nuvole-r-g-rosi\/\">Sotto le nuvole<\/a> | r. G. Rosi | 2024 | IT | 114&#8242; | b\/n &#8211; \u010d\/b | *it\/eng\/sk<\/p>\n<p><strong>30. 11.<br \/>\n<span style=\"text-decoration: underline;\">17:30<\/span>\u00a0<a href=\"https:\/\/iicbratislava.esteri.it\/sk\/gli_eventi\/calendario\/mittelcinemafest-2025-vonku-r-m-martone\/\">Vonku<\/a><\/strong> | <a href=\"https:\/\/iicbratislava.esteri.it\/it\/gli_eventi\/calendario\/mittelcinemafest-2025-fuori-r-m-martone\/\">Fuori<\/a> | r. M. Martone | 2025 | IT, F | 117&#8242; | *it\/eng\/sk<br \/>\n<strong><span style=\"text-decoration: underline;\">20:00<\/span>\u00a0<a href=\"https:\/\/iicbratislava.esteri.it\/sk\/gli_eventi\/calendario\/mittelcinemafest-2025-panna-alebo-orol-r-a-rigo-de-righi-m-zoppis\/\">Panna alebo orol?<\/a><\/strong> | <a href=\"https:\/\/iicbratislava.esteri.it\/it\/gli_eventi\/calendario\/mittelcinemafest-2025-testa-o-croce-r-a-rigo-de-righi-m-zoppis\/\">Testa o croce?<\/a> | r. A. Rigo de Righi, M. Zoppis | 2024 | IT, USA | 116&#8242; | *it\/eng\/sk<\/p>\n","protected":false},"excerpt":{"rendered":"&nbsp; 23. Stredoeur\u00f3psky festival talianskeho filmu Kino Lumi\u00e8re, \u0160pit\u00e1lska 4, Bratislava 23. ro\u010dn\u00edk Stredoeur\u00f3pskeho festivalu talianskeho filmu MittelCinemaFest predstav\u00ed aktu\u00e1lne filmov\u00e9 novinky, nov\u00e9 trendy v talianskej kinematografii, \u017e\u00e1nrovo pestr\u00fa ponuku filmov z dielne renomovan\u00fdch tvorcov i n\u00e1dejn\u00fdch debutantov, ktor\u00e9 zaujali porotcov na prest\u00ed\u017enych filmov\u00fdch festivaloch a z\u00edskali si priaze\u0148 talianskeho publika. Div\u00e1ci sa m\u00f4\u017eu te\u0161i\u0165 [&hellip;]","protected":false},"author":6,"featured_media":0,"parent":12319,"menu_order":0,"comment_status":"closed","ping_status":"closed","template":"","meta":{"footnotes":""},"class_list":["post-17968","page","type-page","status-publish","hentry"],"_links":{"self":[{"href":"https:\/\/iicbratislava.esteri.it\/sk\/wp-json\/wp\/v2\/pages\/17968","targetHints":{"allow":["GET"]}}],"collection":[{"href":"https:\/\/iicbratislava.esteri.it\/sk\/wp-json\/wp\/v2\/pages"}],"about":[{"href":"https:\/\/iicbratislava.esteri.it\/sk\/wp-json\/wp\/v2\/types\/page"}],"author":[{"embeddable":true,"href":"https:\/\/iicbratislava.esteri.it\/sk\/wp-json\/wp\/v2\/users\/6"}],"replies":[{"embeddable":true,"href":"https:\/\/iicbratislava.esteri.it\/sk\/wp-json\/wp\/v2\/comments?post=17968"}],"version-history":[{"count":6,"href":"https:\/\/iicbratislava.esteri.it\/sk\/wp-json\/wp\/v2\/pages\/17968\/revisions"}],"predecessor-version":[{"id":18660,"href":"https:\/\/iicbratislava.esteri.it\/sk\/wp-json\/wp\/v2\/pages\/17968\/revisions\/18660"}],"up":[{"embeddable":true,"href":"https:\/\/iicbratislava.esteri.it\/sk\/wp-json\/wp\/v2\/pages\/12319"}],"wp:attachment":[{"href":"https:\/\/iicbratislava.esteri.it\/sk\/wp-json\/wp\/v2\/media?parent=17968"}],"curies":[{"name":"wp","href":"https:\/\/api.w.org\/{rel}","templated":true}]}}