{"id":178,"date":"2023-10-10T16:40:25","date_gmt":"2023-10-10T14:40:25","guid":{"rendered":"https:\/\/iicbratislava.esteri.it\/?page_id=178"},"modified":"2024-10-23T16:10:34","modified_gmt":"2024-10-23T14:10:34","slug":"dolce-vitaj-archivio","status":"publish","type":"page","link":"https:\/\/iicbratislava.esteri.it\/it\/gli_eventi\/archivio-eventi\/dolce-vitaj-archivio\/","title":{"rendered":"Dolce vitaj \/ Archivio"},"content":{"rendered":"<p>Il festival italiano in Slovacchia &#8220;Dolce vitaj&#8221; \u00e8 stato fondato nel 2007 con lo scopo di presentare ogni anno, a giugno, le nostre eccellenze culturali, il Made in Italy e lo stile di vita italiano. Il nome della rassegna richiama chiaramente il noto film di Fellini, evocando al tempo stesso la parola \u201cvitaj\u201d che in slovacco significa \u201cbenvenuto\u201d. La programmazione del festival nasce dalla collaborazione tra i principali soggetti del Sistema Italia, quali l\u2019Ambasciata d\u2019Italia, l\u2019Istituto Italiano di Cultura, la Camera di Commercio Italo-Slovacca ed alcune aziende italiane operanti in questo Paese. \u2192 <a href=\"http:\/\/www.dolcevitaj.eu\"><strong>www.dolcevitaj.eu<\/strong><\/a><\/p>\n<p><strong>Dolce vitaj 2023<\/strong><br \/>\n<strong>Arte: <\/strong><a href=\"https:\/\/iicbratislava.esteri.it\/it\/gli_eventi\/calendario\/mimmo-rotella-decollages\/\">Mimmo Rotella<\/a>, <a href=\"https:\/\/iicbratislava.esteri.it\/it\/gli_eventi\/calendario\/paolo-masi-in-esposizione-alla\/\">Paolo Masi<\/a><br \/>\n<strong>Cinevitaj:<\/strong> <a href=\"https:\/\/iicbratislava.esteri.it\/it\/gli_eventi\/calendario\/cinevitaj-il-colibri\/\">Il colibr\u00ec<\/a>, <a href=\"https:\/\/iicbratislava.esteri.it\/it\/gli_eventi\/calendario\/cinevitaj-io-e-te-r-b-bertolucci\/\">Io e te<\/a>, <a href=\"https:\/\/iicbratislava.esteri.it\/it\/gli_eventi\/calendario\/cinevitaj-l-arminuta\/\">l&#8217;Arminuta<\/a>, <a href=\"https:\/\/iicbratislava.esteri.it\/it\/gli_eventi\/calendario\/cinevitaj-lacci\/\">Lacci<\/a>, <a href=\"https:\/\/iicbratislava.esteri.it\/it\/gli_eventi\/calendario\/cinevitaj-le-otto-montagne\/\">Otto montagne<\/a> (Letteratura nel cinema)<strong><br \/>\nMusica: <\/strong><a href=\"https:\/\/iicbratislava.esteri.it\/it\/gli_eventi\/calendario\/flo-quartetto-concerto-per-il-16\/\">Flo Quartetto<\/a>, <a href=\"https:\/\/iicbratislava.esteri.it\/it\/gli_eventi\/calendario\/dalibor-karvay-e-sinfonietta-bratislava\/\">Dalibor Karvay e Sinfonietta Bratislava<\/a><strong><br \/>\nLetteratura:<\/strong> <a href=\"https:\/\/iicbratislava.esteri.it\/it\/gli_eventi\/calendario\/brak-festival-del-libro-beatrice\/\">Brak &#8211; Luca De Santis, Sara Colaone, Beatrice Salvioni<\/a>; <a href=\"https:\/\/iicbratislava.esteri.it\/it\/gli_eventi\/calendario\/giuseppe-catozzella-talianka-literarne\/\">Giuseppe Catozzella<\/a><br \/>\n<strong>Moda: <\/strong><a href=\"https:\/\/iicbratislava.esteri.it\/it\/gli_eventi\/calendario\/roberto-capucci-dal-tratto-al-tessuto\/\">Roberto Capucci<\/a><\/p>\n<p><strong>Dolce vitaj 2022<\/strong><br \/>\n<strong>Arte:<\/strong> <a href=\"https:\/\/iicbratislava.esteri.it\/it\/gli_eventi\/calendario\/lucia-marcucci\/\">Lucia Marcucci<\/a>, <a href=\"https:\/\/iicbratislava.esteri.it\/it\/gli_eventi\/calendario\/vasco-bendini-io-che-cammino-100\/\">Vasco Bendini<\/a><br \/>\n<strong>Cinevitaj:<\/strong> <a href=\"https:\/\/iicbratislava.esteri.it\/it\/gli_eventi\/calendario\/lasciarsi-un-giorno-a-roma-r-e\/\">Lasciarsi un giorno a Roma<\/a>,<a href=\"https:\/\/iicbratislava.esteri.it\/it\/gli_eventi\/calendario\/gli-anni-piu-belli-r-g-muccino\/\"> Gli anni pi\u00f9 belli,<\/a> <a href=\"https:\/\/iicbratislava.esteri.it\/it\/gli_eventi\/calendario\/supereroi-r-p-genovese-cinevitaj\/\">Supereroi<\/a>, <a href=\"https:\/\/iicbratislava.esteri.it\/it\/gli_eventi\/calendario\/qui-rido-io-r-m-martone-cinevitaj\/\">Qui rido io<\/a><br \/>\n<strong>Musica:<\/strong> <a href=\"https:\/\/iicbratislava.esteri.it\/it\/gli_eventi\/calendario\/daniele-di-bonaventura-trio-musiche\/\">Daniele Bonaventura trio<\/a>, <a href=\"https:\/\/iicbratislava.esteri.it\/it\/gli_eventi\/calendario\/luca-ciarla-solorkestra-concerto\/\">Luca Ciarla SolOrchestra<\/a><br \/>\n<strong>Fotografia:<\/strong> <a href=\"https:\/\/iicbratislava.esteri.it\/it\/gli_eventi\/calendario\/italiani-cultura-e-made-in-italy\/\">Maria Mulas<\/a><br \/>\n<strong>Letteratura:<\/strong> <a href=\"https:\/\/iicbratislava.esteri.it\/it\/gli_eventi\/calendario\/sandro-veronesi-il-colibri-incontro\/\">Sandro Veronesi<\/a><\/p>\n<p><strong>Dolce vitaj 2021<\/strong><br \/>\n<strong>Arte:<\/strong> <a href=\"https:\/\/iicbratislava.esteri.it\/it\/gli_eventi\/calendario\/corrado-cagli-mostra-di-arte\/\">Corrado Cagli<\/a><br \/>\n<strong>Architettura<\/strong>: <a href=\"https:\/\/iicbratislava.esteri.it\/it\/gli_eventi\/calendario\/aldo-rossi-disegni-e-progetti\/\">Aldo Rossi<\/a><br \/>\n<strong>Cinevitaj:<\/strong> <a href=\"https:\/\/iicbratislava.esteri.it\/it\/gli_eventi\/calendario\/cinevitaj-palladio\/\">Palladio<\/a>, <a href=\"https:\/\/iicbratislava.esteri.it\/it\/gli_eventi\/calendario\/cinevitaj-canova\/\">Canova<\/a>, <a href=\"https:\/\/iicbratislava.esteri.it\/it\/gli_eventi\/calendario\/cinevitaj-bernini\/\">Bernini<\/a> \/ <a href=\"https:\/\/iicbratislava.esteri.it\/it\/gli_eventi\/calendario\/pane-amore-e-cinevitaj-alle-origini\/\">Pane, amore e<\/a>&#8230;, <a href=\"https:\/\/iicbratislava.esteri.it\/it\/gli_eventi\/calendario\/il-segno-di-venere-cinevitaj-alle\/\">Segno di Venere<\/a><br \/>\n<strong>Fotografia:<\/strong> <a href=\"https:\/\/iicbratislava.esteri.it\/it\/gli_eventi\/calendario\/le-piazze-in-visibili\/\">Le piazze (in)visibili<\/a><br \/>\n<strong>Letteratura:<\/strong> Dante 700 &#8211; De uacci uari eloquentia: il Codice di Dante, Miroslav Cip\u00e1r, Marek Ormand\u00edk, Miroslava Vallov\u00e1 a T\u00e1\u0148a Kus\u00e1 \/ Letteratura contemporanea: <a href=\"https:\/\/iicbratislava.esteri.it\/it\/gli_eventi\/calendario\/nicola-lagioia-la-ferocia-incontro\/\">Nicola Lagioia<\/a>, S<a href=\"https:\/\/iicbratislava.esteri.it\/it\/gli_eventi\/calendario\/silvia-avallone-da-dove-la-vita\/\">ilvia Avallone<\/a>, <a href=\"https:\/\/iicbratislava.esteri.it\/it\/gli_eventi\/calendario\/marco-missiroli-fedelta-incontro\/\">Marco Missiroli<\/a><\/p>\n<p><strong>Dolce vitaj 2020<\/strong><br \/>\n<strong>Arte:<\/strong> <a href=\"https:\/\/iicbratislava.esteri.it\/it\/gli_eventi\/calendario\/vinicio-berti-mostra-di-arte\/\">Vinicio Berti<\/a>, <a href=\"https:\/\/iicbratislava.esteri.it\/it\/gli_eventi\/calendario\/luca-matti-profezie-per-un-mondo\/\">Luca Matti<\/a>, <a href=\"https:\/\/iicbratislava.esteri.it\/it\/gli_eventi\/calendario\/fellini-e-la-dolce-italia\/\">Fellini e la Dolce Italia<\/a> (Mimmo Rotella, Milo Manara)<br \/>\n<strong>Cinevitaj:<\/strong> <a href=\"https:\/\/iicbratislava.esteri.it\/it\/gli_eventi\/calendario\/8-1-2\/\">Fellini 100 &#8211; 8 1\/2<\/a>, <a href=\"https:\/\/iicbratislava.esteri.it\/it\/gli_eventi\/calendario\/amarcord-cinevitaj-fellini-100\/\">Amarcord<\/a>, <a href=\"https:\/\/iicbratislava.esteri.it\/it\/gli_eventi\/calendario\/giulietta-degli-spiriti-cinevitaj\/\">Giulietta degli spiriti<\/a>, <a href=\"https:\/\/iicbratislava.esteri.it\/it\/gli_eventi\/calendario\/la-dolce-vita-cinevitaj-fellini\/\">La dolce vita<\/a>, <a href=\"https:\/\/iicbratislava.esteri.it\/it\/gli_eventi\/calendario\/federico-fellini-libro-dei-sogni\/\">Fellini: Il libro dei sogni<\/a> \/ commedia all&#8217;italiana: <a href=\"https:\/\/iicbratislava.esteri.it\/it\/gli_eventi\/calendario\/croce-e-delizia-cinevitaj-commedia\/\">Croce e delizia<\/a>, Tolo tolo \/ <a href=\"https:\/\/iicbratislava.esteri.it\/it\/gli_eventi\/calendario\/raffaello-il-principe-delle-arti_0\/\">Raffaello: Il principe delle arti<\/a><br \/>\n<strong>Architettura:<\/strong> <a href=\"https:\/\/iicbratislava.esteri.it\/it\/gli_eventi\/calendario\/la-cupola-cinevitaj-fare-cinema\/\">La cupola<\/a>, <a href=\"https:\/\/iicbratislava.esteri.it\/it\/gli_eventi\/calendario\/piero-fornasetti-tema-e-variazione\/\">Fornasetti: Tema e variazione<\/a><br \/>\n<strong>Musica:<\/strong> <a href=\"https:\/\/iicbratislava.esteri.it\/it\/gli_eventi\/calendario\/remo-anzovino-concerto-di-apertura\/\">Remo Anzovino<\/a><br \/>\n<strong>Fotografia:<\/strong> <a href=\"https:\/\/iicbratislava.esteri.it\/it\/gli_eventi\/calendario\/otto-e-mezzo-di-federico-fellini\/\">Otto e mezzo di Federico Fellini<\/a><\/p>\n<p><strong>Dolce vitaj 2019<\/strong><br \/>\n<strong>Arte:<\/strong> <a href=\"https:\/\/iicbratislava.esteri.it\/it\/gli_eventi\/calendario\/giuseppe-chiari-mostra-di-arte\/\">Giuseppe Chiari<\/a>, Elena Monzo<br \/>\n<strong>Architettura e design:\u00a0<\/strong> <a href=\"https:\/\/iicbratislava.esteri.it\/it\/gli_eventi\/calendario\/daad-marva-griffin\/\">DAAD &#8211; Marva Griffin<\/a>, <a href=\"https:\/\/iicbratislava.esteri.it\/it\/gli_eventi\/calendario\/studio-zaven-a-bratislava-design\/\">BDW &#8211; Studio Zaven, Maria Cristina Didero<\/a><br \/>\n<strong>Musica:<\/strong> <a href=\"https:\/\/iicbratislava.esteri.it\/it\/gli_eventi\/calendario\/avion-travel\/\">Avion Travel<\/a>, <a href=\"https:\/\/iicbratislava.esteri.it\/it\/gli_eventi\/calendario\/luca-d-alberto-trio\/\">Luca D&#8217;Alberto<\/a>, <a href=\"https:\/\/iicbratislava.esteri.it\/it\/gli_eventi\/calendario\/aniello-desiderio-e-carlo-curatolo_0\/\">Festival chitaristico: Aniello Desiderio e Carlo Curato<\/a><br \/>\n<strong>Cinevitaj:<\/strong> <a href=\"https:\/\/iicbratislava.esteri.it\/it\/gli_eventi\/calendario\/cinevitaj-botticelli-inferno-italia\/\">Botticelli: Inferno<\/a>; <a href=\"https:\/\/iicbratislava.esteri.it\/it\/gli_eventi\/calendario\/raffaello-il-principe-delle-arti_0\/\">Raffaello: Il principe delle arti<\/a>; <a href=\"https:\/\/iicbratislava.esteri.it\/it\/gli_eventi\/calendario\/cinevitaj-michelangelo-infinito\/\">Michelangelo: Infinito<\/a> (alla presenza di Enrico Lo Verso); <a href=\"https:\/\/iicbratislava.esteri.it\/it\/gli_eventi\/calendario\/cinevitaj-leonardo-da-vinci-il\/\">Leonardo da Vinci: Genio a Milano<\/a>; <a href=\"https:\/\/iicbratislava.esteri.it\/it\/gli_eventi\/calendario\/cinevitaj-caravaggio-l-anima-e\/\">Caravaggio: L&#8217;anima e il sangue<\/a>; <a href=\"https:\/\/iicbratislava.esteri.it\/it\/gli_eventi\/calendario\/cinevitaj-tintoretto-un-ribelle\/\">Tintoretto: Un ribelle a Venezia<\/a><br \/>\nF<strong>otografia:<\/strong> <a href=\"https:\/\/iicbratislava.esteri.it\/it\/gli_eventi\/calendario\/il-paesaggio-italiano-fotografie\/\">Affaciati sulla bellezza: il paesaggio italiano in fotografia<\/a>;<br \/>\n<strong>Letteratura:<\/strong> <a href=\"https:\/\/iicbratislava.esteri.it\/it\/gli_eventi\/calendario\/paolo-giordano-di-nuovo-a-bratislava\/\">Paolo Giordano<\/a>, <a href=\"https:\/\/iicbratislava.esteri.it\/it\/gli_eventi\/calendario\/pista-vandal-intervista-a-massimo\/\">Massimo Polidoro<\/a><br \/>\nT<strong>eatro:<\/strong> <a href=\"https:\/\/iicbratislava.esteri.it\/it\/gli_eventi\/calendario\/roberto-latini-cantico-dei-cantici\/\">Roberto Latini: Cantico dei cantici<\/a><\/p>\n<p><strong>Dolce vitaj 2018<\/strong><br \/>\n<strong>Architettura e design:<\/strong> <a href=\"https:\/\/iicbratislava.esteri.it\/it\/gli_eventi\/calendario\/design-italiano-inventiva-e-bellezza\/\">Miro Zagnoli: Inventiva e bellezza;<\/a> <a href=\"https:\/\/iicbratislava.esteri.it\/it\/gli_eventi\/calendario\/francesco-pace-a-bratislava-design\/\">BDW &#8211; Francesco Pace<\/a>; <a href=\"https:\/\/iicbratislava.esteri.it\/it\/gli_eventi\/calendario\/daad-amare-gio-ponti\/\">DAAD &#8211; Amare Gi\u00f2 Ponti<\/a> (Francesca Molteni, ospite)<br \/>\n<strong>Musica:<\/strong> <a href=\"https:\/\/iicbratislava.esteri.it\/it\/gli_eventi\/calendario\/bruno-bavota-in-concerto\/\">Bruno Bavota<\/a>; <a href=\"https:\/\/iicbratislava.esteri.it\/it\/gli_eventi\/calendario\/trio-assurd\/\">Trio Assurd<\/a>; <a href=\"https:\/\/iicbratislava.esteri.it\/it\/gli_eventi\/calendario\/la-venexiana-a-dni-starej-hudby\/\">La Venexiana- Dni starej hudby<\/a><span class=\"heading dot\"><br \/>\n<\/span><strong>Teatro:<\/strong> <a href=\"https:\/\/iicbratislava.esteri.it\/it\/gli_eventi\/calendario\/emma-dante-la-scortecata\/\">Emma Dante: La scortecata<\/a>;<br \/>\n<strong>Cinevitaj:<\/strong> <a href=\"https:\/\/iicbratislava.esteri.it\/it\/gli_eventi\/calendario\/via-castellana-bandiera\/\">Via Castellana Bandiera<\/a> (Carmine Maringola, Salvatore d&#8217;Onofrio come ospiti) <a href=\"https:\/\/iicbratislava.esteri.it\/it\/gli_eventi\/calendario\/ferrante-fever\/\">Ferrante fever<\/a>, <a href=\"https:\/\/iicbratislava.esteri.it\/it\/gli_eventi\/calendario\/reality\/\">Reality<\/a>, <a href=\"https:\/\/iicbratislava.esteri.it\/it\/gli_eventi\/calendario\/napoli-velata\/\">Napoli velata<\/a>, (Paolo Sorrentino)<a href=\"https:\/\/iicbratislava.esteri.it\/it\/gli_eventi\/calendario\/l-uomo-in-piu\/\"> L&#8217;uomo in pi\u00f9<\/a>, <a href=\"https:\/\/iicbratislava.esteri.it\/it\/gli_eventi\/calendario\/cinevitaj-p-sorrentino-le-conseguenze\/\">Le conseguenze dell&#8217;amore<\/a>, <a href=\"https:\/\/iicbratislava.esteri.it\/it\/gli_eventi\/calendario\/l-amico-di-famiglia\/\">L&#8217;amico di famiglia<\/a>, <a href=\"https:\/\/iicbratislava.esteri.it\/it\/gli_eventi\/calendario\/il-divo\/\">Il divo<\/a>, <a href=\"https:\/\/iicbratislava.esteri.it\/it\/gli_eventi\/calendario\/this-must-be-the-place\/\">This must be the place<\/a>, <a href=\"https:\/\/iicbratislava.esteri.it\/it\/gli_eventi\/calendario\/la-grande-bellezza_1\/\">La grande bellezza<\/a>, <a href=\"https:\/\/iicbratislava.esteri.it\/it\/gli_eventi\/calendario\/youth\/\">Youht<\/a><br \/>\n<strong>Fotografia:<\/strong> <a href=\"https:\/\/iicbratislava.esteri.it\/it\/gli_eventi\/calendario\/praga-1968\/\">Praga 68&#8242;<\/a><br \/>\n<strong>Letteratura:<\/strong> <a href=\"https:\/\/iicbratislava.esteri.it\/it\/gli_eventi\/calendario\/donatella-di-pietrantonio-l-arminuta\/\">Donatella Di Pietrantonio<\/a><\/p>\n<p><strong>Dolce vitaj 2017<\/strong><br \/>\n<strong>Arte:<\/strong> <a href=\"https:\/\/iicbratislava.esteri.it\/it\/gli_eventi\/calendario\/emilio-isgro-mostra\/\">Emilio Isgr\u00f2<\/a><br \/>\n<strong>Moda:<\/strong> <a href=\"https:\/\/iicbratislava.esteri.it\/it\/gli_eventi\/calendario\/ritratti-di-moda-italiana-forme\/\">Max Botticelli<\/a><br \/>\n<strong>Cinevitaj:<\/strong> <a href=\"https:\/\/iicbratislava.esteri.it\/it\/gli_eventi\/calendario\/il-sorpasso\/\">Il sorpasso<\/a>, <a href=\"https:\/\/iicbratislava.esteri.it\/it\/gli_eventi\/calendario\/matrimonio-all-italiana\/\">Il matrimonio all&#8217;italiana<\/a>, <a href=\"https:\/\/iicbratislava.esteri.it\/it\/gli_eventi\/calendario\/il-conformista\/\">Il conformista<\/a>, <a href=\"https:\/\/iicbratislava.esteri.it\/it\/gli_eventi\/calendario\/la-dolce-vita_0\/\">La dolce vita<\/a><br \/>\n<strong>Musica:<\/strong> <a href=\"https:\/\/iicbratislava.esteri.it\/it\/gli_eventi\/calendario\/paolo-fresu-bobo-ferra\/\">Paolo Fresu e Bebo Ferra<\/a>, <a href=\"https:\/\/iicbratislava.esteri.it\/it\/gli_eventi\/calendario\/bakura-ensemble-in-concerto-musica\/\">Bakura Ensemble<\/a>, <a href=\"https:\/\/iicbratislava.esteri.it\/it\/gli_eventi\/calendario\/federico-albanese-in-concerto\/\">Federico Albanse<\/a><br \/>\n<strong>Design:<\/strong> <a href=\"https:\/\/iicbratislava.esteri.it\/it\/gli_eventi\/calendario\/guglielmo-poletti-ospite-di-bratislava\/\">BDW &#8211; Guglielmo Poletti<\/a><br \/>\n<strong>Letteratura:<\/strong> <a href=\"https:\/\/iicbratislava.esteri.it\/it\/gli_eventi\/calendario\/cosi-e-come-dice-l-autore-serata\/\">Luigi Pirandello<\/a><\/p>\n<p><strong>Dolce vitaj 2016<br \/>\n<\/strong>Arte: <a href=\"https:\/\/iicbratislava.esteri.it\/it\/gli_eventi\/calendario\/viva-italia-arte-contemporanea\/\">Viva Italia! Arte italiana del XX e XXI secolo<\/a><br \/>\nMusica: <a href=\"https:\/\/iicbratislava.esteri.it\/it\/gli_eventi\/calendario\/la-piu-bella-musica-da-film-made\/\">La pi\u00f9 bella musica Made in Italy\u00a0&#8211; Symfonick\u00fd orchester SRo<\/a>, <a href=\"https:\/\/iicbratislava.esteri.it\/it\/gli_eventi\/calendario\/antonella-ruggiero\/\">Antonella Ruggiero<\/a><br \/>\nCinevitaj: <a href=\"https:\/\/iicbratislava.esteri.it\/it\/gli_eventi\/calendario\/cinevitaj\/\">Indebito, Spom\u00edna\u0161 si na m\u0148a?, Song e&#8217; Napule, Bola si u\u017e v raji?<\/a><br \/>\nArchitettura: <a href=\"https:\/\/iicbratislava.esteri.it\/it\/gli_eventi\/calendario\/atlantide-mostra-architettonica\/\">Atlantide<\/a><br \/>\nDesign: <a href=\"https:\/\/iicbratislava.esteri.it\/it\/gli_eventi\/calendario\/il-design-italiano-per-ogni-giorno\/\">Il design italiano per ogni giorno<\/a> , <a href=\"https:\/\/iicbratislava.esteri.it\/it\/gli_eventi\/calendario\/bratislava-design-week-partecipazione\/\">BDW &#8211; Studio ZanellatoBontotto<\/a><br \/>\nLetteratura: <a href=\"https:\/\/iicbratislava.esteri.it\/sk\/gli_eventi\/calendario\/brak-bratislavsky-knizny-festival-2\/\">GiuseppeLupo &#8211; Brak<\/a>, <a href=\"https:\/\/iicbratislava.esteri.it\/sk\/gli_eventi\/calendario\/brak-bratislavsky-knizny-festival-2\/\">Nevidite\u013en\u00e9 mest\u00e1 a Dejiny imagin\u00e1rnych miest<\/a><br \/>\nTeatro: <a href=\"https:\/\/iicbratislava.esteri.it\/it\/gli_eventi\/calendario\/alfa-e-omega\/\">Alfa a Omega<\/a><\/p>\n<p>&nbsp;<\/p>\n<p><a href=\"https:\/\/iicbratislava.esteri.it\/wp-content\/uploads\/2023\/10\/DV_2015_programma.pdf\">2015<\/a> \u2192 <a href=\"https:\/\/iicbratislava.esteri.it\/wp-content\/uploads\/2023\/10\/DV_2014_programma.pdf\">2014<\/a> \u2192\u00a0 <a href=\"https:\/\/iicbratislava.esteri.it\/wp-content\/uploads\/2023\/10\/DV_2013_programma.pdf\">2013<\/a> \u2192 <a href=\"https:\/\/iicbratislava.esteri.it\/wp-content\/uploads\/2023\/10\/DV_2012_programma.pdf\">2012<\/a> \u2192<a href=\"https:\/\/iicbratislava.esteri.it\/wp-content\/uploads\/2023\/10\/DV_2011.jpg\"> 2011<\/a> \u2192\u00a0 <a href=\"https:\/\/iicbratislava.esteri.it\/wp-content\/uploads\/2023\/10\/DV_2010_programma.pdf\">2010 <\/a>\u2192 <a href=\"https:\/\/iicbratislava.esteri.it\/wp-content\/uploads\/2023\/10\/DV_2009_programma.pdf\">2009<\/a><\/p>\n<div class=\"info\">\n<div><\/div>\n<\/div>\n<p>&nbsp;<\/p>\n<p>&nbsp;<\/p>\n<p>&nbsp;<\/p>\n","protected":false},"excerpt":{"rendered":"Il festival italiano in Slovacchia &#8220;Dolce vitaj&#8221; \u00e8 stato fondato nel 2007 con lo scopo di presentare ogni anno, a giugno, le nostre eccellenze culturali, il Made in Italy e lo stile di vita italiano. Il nome della rassegna richiama chiaramente il noto film di Fellini, evocando al tempo stesso la parola \u201cvitaj\u201d che in [&hellip;]","protected":false},"author":6,"featured_media":5455,"parent":12307,"menu_order":0,"comment_status":"closed","ping_status":"closed","template":"","meta":{"footnotes":""},"class_list":["post-178","page","type-page","status-publish","has-post-thumbnail","hentry"],"_links":{"self":[{"href":"https:\/\/iicbratislava.esteri.it\/it\/wp-json\/wp\/v2\/pages\/178","targetHints":{"allow":["GET"]}}],"collection":[{"href":"https:\/\/iicbratislava.esteri.it\/it\/wp-json\/wp\/v2\/pages"}],"about":[{"href":"https:\/\/iicbratislava.esteri.it\/it\/wp-json\/wp\/v2\/types\/page"}],"author":[{"embeddable":true,"href":"https:\/\/iicbratislava.esteri.it\/it\/wp-json\/wp\/v2\/users\/6"}],"replies":[{"embeddable":true,"href":"https:\/\/iicbratislava.esteri.it\/it\/wp-json\/wp\/v2\/comments?post=178"}],"version-history":[{"count":5,"href":"https:\/\/iicbratislava.esteri.it\/it\/wp-json\/wp\/v2\/pages\/178\/revisions"}],"predecessor-version":[{"id":5592,"href":"https:\/\/iicbratislava.esteri.it\/it\/wp-json\/wp\/v2\/pages\/178\/revisions\/5592"}],"up":[{"embeddable":true,"href":"https:\/\/iicbratislava.esteri.it\/it\/wp-json\/wp\/v2\/pages\/12307"}],"wp:featuredmedia":[{"embeddable":true,"href":"https:\/\/iicbratislava.esteri.it\/it\/wp-json\/wp\/v2\/media\/5455"}],"wp:attachment":[{"href":"https:\/\/iicbratislava.esteri.it\/it\/wp-json\/wp\/v2\/media?parent=178"}],"curies":[{"name":"wp","href":"https:\/\/api.w.org\/{rel}","templated":true}]}}